{"id":2365,"date":"2023-10-26T10:41:16","date_gmt":"2023-10-26T08:41:16","guid":{"rendered":"https:\/\/procivitas.se\/karlberg\/?post_type=testimonial&#038;p=2365"},"modified":"2024-02-02T09:41:57","modified_gmt":"2024-02-02T08:41:57","slug":"william-berattar-om-procivitas-karlberg","status":"publish","type":"testimonial","link":"https:\/\/procivitas.se\/karlberg\/elevintervjuer\/william-berattar-om-procivitas-karlberg\/","title":{"rendered":"WILLIAM BER\u00c4TTAR OM PROCIVITAS KARLBERG"},"content":{"rendered":"\n<div class=\"wp-block-columns is-layout-flex wp-container-core-columns-layout-1 wp-block-columns-is-layout-flex\">\n<div class=\"wp-block-column is-layout-flow wp-block-column-is-layout-flow\" style=\"flex-basis:90%\">\t<div\n\t\t class=\"module_wrapper container-fluid images-module\" >\n\t\t<div class=\"row\">\n\t\t\t<div\n\t\t\t\t\tclass=\"col-12 m-0 p-0 position-relative images_module__slideshow images_module__slideshow-container module-expand \">\n\n\t\t\t\t<div class=\"images_module__slide \" data-slide=\"\"\n\t\t\t\t\t data-duration=\"\"><\/div>\n\t\t\t\t\t\t\t\t\t<div\n\t\t\t\t\t\t class=\"images_module__slides \">\n\n\n\t\t\t\t\t\t<div class=\"images__wrapper\"\n\t\t\t\t\t\t\t style=\"aspect-ratio: 851 \/ 531;\">\n\t\t\t\t\t\t\t<img decoding=\"async\" width=\"1440\" height=\"1440\" src=\"https:\/\/procivitas.se\/wp-content\/uploads\/sites\/4\/2023\/10\/pro-natur-karlberg.jpg\" class=\"images__image_ratio  \" alt=\"Personportr\u00e4tt\" style=\"aspect-ratio: 851 \/ 531;object-position: center center;\" srcset=\"https:\/\/procivitas.se\/wp-content\/uploads\/sites\/4\/2023\/10\/pro-natur-karlberg.jpg 1440w, https:\/\/procivitas.se\/wp-content\/uploads\/sites\/4\/2023\/10\/pro-natur-karlberg-150x150.jpg 150w, https:\/\/procivitas.se\/wp-content\/uploads\/sites\/4\/2023\/10\/pro-natur-karlberg-300x300.jpg 300w, https:\/\/procivitas.se\/wp-content\/uploads\/sites\/4\/2023\/10\/pro-natur-karlberg-400x400.jpg 400w, https:\/\/procivitas.se\/wp-content\/uploads\/sites\/4\/2023\/10\/pro-natur-karlberg-600x600.jpg 600w, https:\/\/procivitas.se\/wp-content\/uploads\/sites\/4\/2023\/10\/pro-natur-karlberg-800x800.jpg 800w, https:\/\/procivitas.se\/wp-content\/uploads\/sites\/4\/2023\/10\/pro-natur-karlberg-1024x1024.jpg 1024w, https:\/\/procivitas.se\/wp-content\/uploads\/sites\/4\/2023\/10\/pro-natur-karlberg-1200x1200.jpg 1200w\" sizes=\"(max-width: 1440px) 100vw, 1440px\" \/>\t\t\t\t\t\t<\/div>\n\n\t\t\t\t\t\t\n\t\t\t\t\t\t\t\t\t\t\t<\/div>\n\t\t\t\t\n\t\t\t\t<div class=\"images_module__container_dot \">\n\t\t\t\t\t<div style=\"text-align:center\">\n\t\t\t\t\t\t\t\t\t\t\t\t\t<span   data-i=\"0\"\n\t\t\t\t\t\t\t\t  class=\"images_module__dot\n\t\t\t\t\t\t\t\t\t\t\t\t\t  \"><\/span>\n\t\t\t\t\t\t\t\t\t\t\t<\/div>\n\t\t\t\t<\/div>\n\n\t\t\t<\/div>\n\t\t<\/div>\n\t<\/div>\n\n\n\t\n\n\n<script>\n\tvar images_display_descriptive_text = \"\";\n<\/script>\n<\/div>\n\n\n\n<div class=\"wp-block-column is-layout-flow wp-block-column-is-layout-flow\" style=\"flex-basis:5%\"><\/div>\n<\/div>\n\n\n\n<div class=\"wp-block-columns is-layout-flex wp-container-core-columns-layout-2 wp-block-columns-is-layout-flex\">\n<div class=\"wp-block-column is-layout-flow wp-block-column-is-layout-flow\" style=\"flex-basis:15%\"><\/div>\n\n\n\n<div class=\"wp-block-column is-layout-flow wp-block-column-is-layout-flow\" style=\"flex-basis:70%\">\n<h1 class=\"wp-block-heading\">WILLIAM BER\u00c4TTAR OM PROCIVITAS KARLBERG<\/h1>\n\n\n\n<p   class=\"site__ingress container text-left  site__text-color--dark  site__free_text--ingress p-0\">\n\tWilliam l\u00e4ser Naturvetenskapsprogrammet i \u00e5rskurs 3<\/p>\n\n\n\n\n\n<h2 class=\"wp-block-heading\">Vad fick dig att byta till ProCivitas Karlberg i \u00e5rskurs 1?<\/h2>\n\n\n\n<p>Jag gick till en b\u00f6rjan p\u00e5 ett annat gymnasium d\u00e4r jag inte trivdes p\u00e5 grund av att det inte fanns n\u00e5gon tydlig struktur i lektionerna och p\u00e5 grund av att det var en d\u00e5lig samverkan mellan l\u00e4rarna. N\u00e4r jag h\u00f6rde att ProCivitas Karlberg var en mindre skola och att de erbjuder allt kursinneh\u00e5ll i fysiska b\u00f6cker best\u00e4mde jag mig f\u00f6r att byta, och det \u00e4r ett val jag inte \u00e5ngrar.<\/p>\n\n\n\n<h2 class=\"wp-block-heading\">Hur \u00e4r det att g\u00e5 p\u00e5 skolan?<\/h2>\n\n\n\n<p>Jag trivs v\u00e4ldigt bra p\u00e5 ProCivitas Karlberg. Det finns en tydlig struktur i alla \u00e4mnen, och det k\u00e4nns som att l\u00e4rarna \u00e4r engagerade i att man som elev ska prestera s\u00e5 bra som m\u00f6jligt. Dessutom \u00e4r maten betydligt b\u00e4ttre h\u00e4r \u00e4n p\u00e5 de andra skolor jag g\u00e5tt p\u00e5 och d\u00e4rf\u00f6r brukar jag se fram emot lunchen.<\/p>\n\n\n\n<h2 class=\"wp-block-heading\">Vad intresserar dig med naturvetenskapsprogrammet?<\/h2>\n\n\n\n<p>Jag s\u00f6kte Naturvetenskapsprogrammet eftersom det \u00e4r en bred linje p\u00e5 grund av att jag till en b\u00f6rjan inte visste vad jag skulle vilja vidareutbilda mig till. Det intressanta \u00e4r just d\u00e4rf\u00f6r att man studerar flera olika \u00e4mnen s\u00e5som religion, biologi, historia, fysik, samh\u00e4llskunskap etc och att det d\u00e4rmed inte har varit sv\u00e5rt f\u00f6r mig att byta karri\u00e4rm\u00e5l eftersom programmet t\u00e4cker det mesta.<\/p>\n\n\n\n<h2 class=\"wp-block-heading\">Vilken \u00e4r din favoritkurs och varf\u00f6r?<\/h2>\n\n\n\n<p>Just nu \u00e4r det religion eftersom det k\u00e4nns som att jag l\u00e4r mig mycket nytt.<\/p>\n\n\n\n<h2 class=\"wp-block-heading\">Ber\u00e4tta om ditt gymnasiearbete!<\/h2>\n\n\n\n<p>Det var min arbetspartner Nelly som kom p\u00e5 id\u00e9n att skriva om Dark Stars och det var hon som informerade mig om Forsknings-SM som vi nu deltar i. P\u00e5 grund av att Dark Stars \u00e4r ett \u00e4mne som det inte finns mycket kunskap kring blev det r\u00e4tt utmanande att skriva om eftersom inget har hunnit sammanfattats p\u00e5 ett mer l\u00e4ttf\u00f6rst\u00e5eligt s\u00e4tt och det tog d\u00e4rf\u00f6r tid f\u00f6r oss att komma ig\u00e5ng. N\u00e4r vi v\u00e4l var klara och skickade in arbetet trodde jag \u00e4rligt talat inte att vi skulle ta oss till semifinal vilket \u00f6verraskade mig, och speciellt n\u00e4r vi sen hamnade i finalen av Unga forskare. Men det har varit v\u00e4ldigt kul, och speciellt att prata med experter och professorer kring v\u00e5rt arbete<\/p>\n\n\n\n<h2 class=\"wp-block-heading\">Vad siktar du p\u00e5 att g\u00f6ra efter dina studier p\u00e5 ProCivitas Karlberg?<\/h2>\n\n\n\n<p>Direkt efter jag tar studenten verkar det som att jag ska g\u00f6ra lumpen som radiol\u00e4nksoldat. \u00c5ret efter t\u00e4nker jag studera p\u00e5 l\u00e4karprogrammet och vidareutbilda mig till ortoped.<\/p>\n<\/div>\n\n\n\n<div class=\"wp-block-column is-layout-flow wp-block-column-is-layout-flow\" style=\"flex-basis:15%\"><\/div>\n<\/div>\n\n\n\n\n\n<section  class=\"ams-testimonial testimonial_module c-block l-stacked\" data-color-scheme=\"blue\">\n\t<div class=\"l-container l-stack l-stack-fluid-2xl u-pt-fluid-3xl-6xl u-pb-fluid-3xl-6xl is-center is-center@md\">\n\t\t\t\t\t<div class=\"ams-testimonial__intro l-stack l-stack-lg\">\n\t\t\t\t\t\n\t<h2\n\tclass=\"c-heading u-font-title-1 \"\n\tstyle=\"\">\n\t\t\n\t\t\t\t\tL\u00e4s fler elevintervjuer \n\t\t\t\t\n\t<\/h2>\n\n\t\t\t\t\t\t\t<\/div>\n\t\t\n\t\t\n\t\n\t\t\n\t\t\t\n<ul\n\tid=\"ams-testimonial-list-69f50a4e8e267\"\n\tclass=\"ams-testimonial__list  l-grid u-gap-fluid-2xl-4xl js-results \"\n\tdata-filter-animation=\"off\">\n\t\t\t\t\t\t\t\t\t\t\t\n\t\t\n\t\t\n\t\t<li class=\"l-col-6@md \" data-filter=\"samhallsvetenskapsprogrammet maj-2026\">\n\t\t\t<article class=\"c-card has-media-zoom \" data-variant=\"inside-half\" data-click-area>\n\t\t\t\t<div class=\"c-card__content l-stack l-stack-sm is-left is-left@md\">\n\t\t\t\t\t\t\t\t\t\t\t<blockquote class=\"c-card__title u-font-title-3\">\n\t\t\t\t\t\t\t\t\t\t\t\t\t\t\t<p class=\"u-quote-marks\"><a href=\"https:\/\/procivitas.se\/karlberg\/elevintervjuer\/lokal\/gustav-berattar-om-procivitas-karlberg\" class=\"link\">Gustav ber\u00e4ttar om Samh\u00e4llsvetenskapsprogrammet p\u00e5 ProCivitas Karlberg&#8230;<\/a><\/p>\n\t\t\t\t\t\t\t\t\t\t\t\t\t<\/blockquote>\n\t\t\t\t\t\n\t\t\t\t\t\t\t\t\t\t\t<p class=\"c-card__text l-stack-grow u-divider-top u-font-body\">\n\t\t\t\t\t\t\t<span class=\"author u-mr-fluid-lg\">Gustav<\/span>\n\t\t\t\t\t\t\t<span class=\"title u-mr-fluid-lg\">Samh\u00e4llsvetenskapsprogrammet<\/span>\n\t\t\t\t\t\t<\/p>\n\t\t\t\t\t\n\t\t\t\t\t<div class=\"c-card__icon\">\n\t\t\t\t\t\t<svg class=\"ams-icon ams-icon--arrow-right\" width=\"32\" height=\"32\" viewBox=\"0 0 32 32\" fill=\"currentColor\" aria-hidden=\"true\" xmlns=\"http:\/\/www.w3.org\/2000\/svg\">\n\t\t\t\t\t\t\t<path d=\"M15.4617 0.252159L14.9567 0.75931C14.6219 1.09545 14.6219 1.64048 14.9567 1.97669L27.7062 14.7806H0.857144C0.383786 14.7806 0 15.166 0 15.6414V16.3587C0 16.8341 0.383786 17.2195 0.857144 17.2195H27.7062L14.9567 30.0234C14.6219 30.3595 14.6219 30.9045 14.9567 31.2407L15.4617 31.7479C15.7964 32.084 16.3392 32.084 16.6739 31.7479L31.749 16.6087C32.0837 16.2725 32.0837 15.7275 31.749 15.3913L16.6739 0.252159C16.3392 -0.084053 15.7964 -0.084053 15.4617 0.252159Z\"\/>\n\t\t\t\t\t\t<\/svg>\n\t\t\t\t\t<\/div>\n\t\t\t\t<\/div>\n\t\t\t\t<div class=\"c-card__media\" style=\" \">\n\t\t\t\t\t<img decoding=\"async\" width=\"600\" height=\"600\" src=\"https:\/\/procivitas.se\/wp-content\/uploads\/2023\/10\/pro-sam-karlberg-600x600.jpeg\" class=\"attachment-md size-md\" alt=\"Personportr\u00e4tt\" sizes=\"(min-width: 80em) 600px, (min-width: 48em) calc(.50 * (100vw - 240px)), calc(100vw - 160px)\" srcset=\"https:\/\/procivitas.se\/wp-content\/uploads\/2023\/10\/pro-sam-karlberg-600x600.jpeg 600w, https:\/\/procivitas.se\/wp-content\/uploads\/2023\/10\/pro-sam-karlberg-150x150.jpeg 150w, https:\/\/procivitas.se\/wp-content\/uploads\/2023\/10\/pro-sam-karlberg-300x300.jpeg 300w, https:\/\/procivitas.se\/wp-content\/uploads\/2023\/10\/pro-sam-karlberg-400x400.jpeg 400w, https:\/\/procivitas.se\/wp-content\/uploads\/2023\/10\/pro-sam-karlberg-800x800.jpeg 800w, https:\/\/procivitas.se\/wp-content\/uploads\/2023\/10\/pro-sam-karlberg-1024x1024.jpeg 1024w, https:\/\/procivitas.se\/wp-content\/uploads\/2023\/10\/pro-sam-karlberg-1200x1200.jpeg 1200w, https:\/\/procivitas.se\/wp-content\/uploads\/2023\/10\/pro-sam-karlberg.jpeg 1440w\" \/>\n\t\t\t\t<\/div>\n\t\t\t<\/article>\n\t\t<\/li>\n\t\t\t\t\t\t\t\t\t\t\t\n\t\t\n\t\t\n\t\t<li class=\"l-col-6@md \" data-filter=\"naturvetenskapsprogrammet maj-2026\">\n\t\t\t<article class=\"c-card has-media-zoom \" data-variant=\"inside-half\" data-click-area>\n\t\t\t\t<div class=\"c-card__content l-stack l-stack-sm is-left is-left@md\">\n\t\t\t\t\t\t\t\t\t\t\t<blockquote class=\"c-card__title u-font-title-3\">\n\t\t\t\t\t\t\t\t\t\t\t\t\t\t\t<p class=\"u-quote-marks\"><a href=\"https:\/\/procivitas.se\/karlberg\/elevintervjuer\/william-berattar-om-procivitas-karlberg\/\" class=\"link\">William l\u00e4ser Naturvetenskapsprogrammet i \u00e5rskurs 3&#8230;<\/a><\/p>\n\t\t\t\t\t\t\t\t\t\t\t\t\t<\/blockquote>\n\t\t\t\t\t\n\t\t\t\t\t\t\t\t\t\t\t<p class=\"c-card__text l-stack-grow u-divider-top u-font-body\">\n\t\t\t\t\t\t\t<span class=\"author u-mr-fluid-lg\">William<\/span>\n\t\t\t\t\t\t\t<span class=\"title u-mr-fluid-lg\">Naturvetenskapsprogrammet <\/span>\n\t\t\t\t\t\t<\/p>\n\t\t\t\t\t\n\t\t\t\t\t<div class=\"c-card__icon\">\n\t\t\t\t\t\t<svg class=\"ams-icon ams-icon--arrow-right\" width=\"32\" height=\"32\" viewBox=\"0 0 32 32\" fill=\"currentColor\" aria-hidden=\"true\" xmlns=\"http:\/\/www.w3.org\/2000\/svg\">\n\t\t\t\t\t\t\t<path d=\"M15.4617 0.252159L14.9567 0.75931C14.6219 1.09545 14.6219 1.64048 14.9567 1.97669L27.7062 14.7806H0.857144C0.383786 14.7806 0 15.166 0 15.6414V16.3587C0 16.8341 0.383786 17.2195 0.857144 17.2195H27.7062L14.9567 30.0234C14.6219 30.3595 14.6219 30.9045 14.9567 31.2407L15.4617 31.7479C15.7964 32.084 16.3392 32.084 16.6739 31.7479L31.749 16.6087C32.0837 16.2725 32.0837 15.7275 31.749 15.3913L16.6739 0.252159C16.3392 -0.084053 15.7964 -0.084053 15.4617 0.252159Z\"\/>\n\t\t\t\t\t\t<\/svg>\n\t\t\t\t\t<\/div>\n\t\t\t\t<\/div>\n\t\t\t\t<div class=\"c-card__media\" style=\" \">\n\t\t\t\t\t<img decoding=\"async\" width=\"600\" height=\"600\" src=\"https:\/\/procivitas.se\/wp-content\/uploads\/sites\/4\/2023\/10\/pro-natur-karlberg-600x600.jpg\" class=\"attachment-md size-md\" alt=\"Personportr\u00e4tt\" sizes=\"(min-width: 80em) 600px, (min-width: 48em) calc(.50 * (100vw - 240px)), calc(100vw - 160px)\" srcset=\"https:\/\/procivitas.se\/wp-content\/uploads\/sites\/4\/2023\/10\/pro-natur-karlberg-600x600.jpg 600w, https:\/\/procivitas.se\/wp-content\/uploads\/sites\/4\/2023\/10\/pro-natur-karlberg-150x150.jpg 150w, https:\/\/procivitas.se\/wp-content\/uploads\/sites\/4\/2023\/10\/pro-natur-karlberg-300x300.jpg 300w, https:\/\/procivitas.se\/wp-content\/uploads\/sites\/4\/2023\/10\/pro-natur-karlberg-400x400.jpg 400w, https:\/\/procivitas.se\/wp-content\/uploads\/sites\/4\/2023\/10\/pro-natur-karlberg-800x800.jpg 800w, https:\/\/procivitas.se\/wp-content\/uploads\/sites\/4\/2023\/10\/pro-natur-karlberg-1024x1024.jpg 1024w, https:\/\/procivitas.se\/wp-content\/uploads\/sites\/4\/2023\/10\/pro-natur-karlberg-1200x1200.jpg 1200w, https:\/\/procivitas.se\/wp-content\/uploads\/sites\/4\/2023\/10\/pro-natur-karlberg.jpg 1440w\" \/>\n\t\t\t\t<\/div>\n\t\t\t<\/article>\n\t\t<\/li>\n\t<\/ul>\n\t\n\t<div class=\"no-results u-mt-0 u-hide\" data-filter-fallback-id=\"ams-testimonial-list-69f50a4e8e267\">\n\t<p>Det finns inga resultat som matchar din filtrering.<\/p>\n<\/div>\n\n\t\n\n\t\t\n\t\t\t<\/div>\n\n\t\t\n\n<\/section>\n","protected":false},"featured_media":2368,"template":"","testimonial_category":[33],"yoast_head":"<!-- This site is optimized with the Yoast SEO plugin v22.0 - https:\/\/yoast.com\/wordpress\/plugins\/seo\/ -->\n<title>WILLIAM BER\u00c4TTAR OM PROCIVITAS KARLBERG - ProCivitas Privata Gymnaisum Karlberg<\/title>\n<meta name=\"description\" content=\"William ber\u00e4ttar om varf\u00f6r han bytte till ProCivitas och vad han gillar mest med programmet.\" \/>\n<meta name=\"robots\" content=\"index, follow, max-snippet:-1, max-image-preview:large, max-video-preview:-1\" \/>\n<link rel=\"canonical\" href=\"https:\/\/procivitas.se\/karlberg\/elevintervjuer\/william-berattar-om-procivitas-karlberg\/\" \/>\n<meta property=\"og:locale\" content=\"sv_SE\" \/>\n<meta property=\"og:type\" content=\"article\" \/>\n<meta property=\"og:title\" content=\"WILLIAM BER\u00c4TTAR OM PROCIVITAS KARLBERG - ProCivitas Privata Gymnaisum Karlberg\" \/>\n<meta property=\"og:description\" content=\"William ber\u00e4ttar om varf\u00f6r han bytte till ProCivitas och vad han gillar mest med programmet.\" \/>\n<meta property=\"og:url\" content=\"https:\/\/procivitas.se\/karlberg\/elevintervjuer\/william-berattar-om-procivitas-karlberg\/\" \/>\n<meta property=\"og:site_name\" content=\"Karlberg\" \/>\n<meta property=\"article:modified_time\" content=\"2024-02-02T08:41:57+00:00\" \/>\n<meta property=\"og:image\" content=\"https:\/\/procivitas.se\/wp-content\/uploads\/sites\/4\/2023\/10\/pro-natur-karlberg-1200x630.jpg\" \/>\n\t<meta property=\"og:image:width\" content=\"1200\" \/>\n\t<meta property=\"og:image:height\" content=\"630\" \/>\n\t<meta property=\"og:image:type\" content=\"image\/jpeg\" \/>\n<meta name=\"twitter:card\" content=\"summary_large_image\" \/>\n<meta name=\"twitter:title\" content=\"WILLIAM BER\u00c4TTAR OM PROCIVITAS KARLBERG - ProCivitas Privata Gymnaisum Karlberg\" \/>\n<meta name=\"twitter:description\" content=\"William ber\u00e4ttar om varf\u00f6r han bytte till ProCivitas och vad han gillar mest med programmet.\" \/>\n<meta name=\"twitter:image\" content=\"https:\/\/procivitas.se\/wp-content\/uploads\/sites\/4\/2023\/10\/pro-natur-karlberg-1200x630.jpg\" \/>\n<meta name=\"twitter:label1\" content=\"Est. reading time\" \/>\n\t<meta name=\"twitter:data1\" content=\"3 minuter\" \/>\n<script type=\"application\/ld+json\" class=\"yoast-schema-graph\">{\"@context\":\"https:\/\/schema.org\",\"@graph\":[{\"@type\":\"WebPage\",\"@id\":\"https:\/\/procivitas.se\/karlberg\/elevintervjuer\/william-berattar-om-procivitas-karlberg\/\",\"url\":\"https:\/\/procivitas.se\/karlberg\/elevintervjuer\/william-berattar-om-procivitas-karlberg\/\",\"name\":\"WILLIAM BER\u00c4TTAR OM PROCIVITAS KARLBERG - ProCivitas Privata Gymnaisum Karlberg\",\"isPartOf\":{\"@id\":\"https:\/\/procivitas.se\/karlberg\/#website\"},\"datePublished\":\"2023-10-26T08:41:16+00:00\",\"dateModified\":\"2024-02-02T08:41:57+00:00\",\"description\":\"William ber\u00e4ttar om varf\u00f6r han bytte till ProCivitas och vad han gillar mest med programmet.\",\"breadcrumb\":{\"@id\":\"https:\/\/procivitas.se\/karlberg\/elevintervjuer\/william-berattar-om-procivitas-karlberg\/#breadcrumb\"},\"inLanguage\":\"sv-SE\",\"potentialAction\":[{\"@type\":\"ReadAction\",\"target\":[\"https:\/\/procivitas.se\/karlberg\/elevintervjuer\/william-berattar-om-procivitas-karlberg\/\"]}]},{\"@type\":\"BreadcrumbList\",\"@id\":\"https:\/\/procivitas.se\/karlberg\/elevintervjuer\/william-berattar-om-procivitas-karlberg\/#breadcrumb\",\"itemListElement\":[{\"@type\":\"ListItem\",\"position\":1,\"name\":\"Start\",\"item\":\"https:\/\/procivitas.se\/karlberg\"},{\"@type\":\"ListItem\",\"position\":2,\"name\":\"Testimonial\"}]},{\"@type\":\"WebSite\",\"@id\":\"https:\/\/procivitas.se\/karlberg\/#website\",\"url\":\"https:\/\/procivitas.se\/karlberg\/\",\"name\":\"Karlberg\",\"description\":\"Just another WordPress site\",\"potentialAction\":[{\"@type\":\"SearchAction\",\"target\":{\"@type\":\"EntryPoint\",\"urlTemplate\":\"https:\/\/procivitas.se\/karlberg\/?s={search_term_string}\"},\"query-input\":\"required name=search_term_string\"}],\"inLanguage\":\"sv-SE\"}]}<\/script>\n<!-- \/ Yoast SEO plugin. -->","yoast_head_json":{"title":"WILLIAM BER\u00c4TTAR OM PROCIVITAS KARLBERG - ProCivitas Privata Gymnaisum Karlberg","description":"William ber\u00e4ttar om varf\u00f6r han bytte till ProCivitas och vad han gillar mest med programmet.","robots":{"index":"index","follow":"follow","max-snippet":"max-snippet:-1","max-image-preview":"max-image-preview:large","max-video-preview":"max-video-preview:-1"},"canonical":"https:\/\/procivitas.se\/karlberg\/elevintervjuer\/william-berattar-om-procivitas-karlberg\/","og_locale":"sv_SE","og_type":"article","og_title":"WILLIAM BER\u00c4TTAR OM PROCIVITAS KARLBERG - ProCivitas Privata Gymnaisum Karlberg","og_description":"William ber\u00e4ttar om varf\u00f6r han bytte till ProCivitas och vad han gillar mest med programmet.","og_url":"https:\/\/procivitas.se\/karlberg\/elevintervjuer\/william-berattar-om-procivitas-karlberg\/","og_site_name":"Karlberg","article_modified_time":"2024-02-02T08:41:57+00:00","og_image":[{"width":1200,"height":630,"url":"https:\/\/procivitas.se\/wp-content\/uploads\/sites\/4\/2023\/10\/pro-natur-karlberg-1200x630.jpg","type":"image\/jpeg"}],"twitter_card":"summary_large_image","twitter_title":"WILLIAM BER\u00c4TTAR OM PROCIVITAS KARLBERG - ProCivitas Privata Gymnaisum Karlberg","twitter_description":"William ber\u00e4ttar om varf\u00f6r han bytte till ProCivitas och vad han gillar mest med programmet.","twitter_image":"https:\/\/procivitas.se\/wp-content\/uploads\/sites\/4\/2023\/10\/pro-natur-karlberg-1200x630.jpg","twitter_misc":{"Est. reading time":"3 minuter"},"schema":{"@context":"https:\/\/schema.org","@graph":[{"@type":"WebPage","@id":"https:\/\/procivitas.se\/karlberg\/elevintervjuer\/william-berattar-om-procivitas-karlberg\/","url":"https:\/\/procivitas.se\/karlberg\/elevintervjuer\/william-berattar-om-procivitas-karlberg\/","name":"WILLIAM BER\u00c4TTAR OM PROCIVITAS KARLBERG - ProCivitas Privata Gymnaisum Karlberg","isPartOf":{"@id":"https:\/\/procivitas.se\/karlberg\/#website"},"datePublished":"2023-10-26T08:41:16+00:00","dateModified":"2024-02-02T08:41:57+00:00","description":"William ber\u00e4ttar om varf\u00f6r han bytte till ProCivitas och vad han gillar mest med programmet.","breadcrumb":{"@id":"https:\/\/procivitas.se\/karlberg\/elevintervjuer\/william-berattar-om-procivitas-karlberg\/#breadcrumb"},"inLanguage":"sv-SE","potentialAction":[{"@type":"ReadAction","target":["https:\/\/procivitas.se\/karlberg\/elevintervjuer\/william-berattar-om-procivitas-karlberg\/"]}]},{"@type":"BreadcrumbList","@id":"https:\/\/procivitas.se\/karlberg\/elevintervjuer\/william-berattar-om-procivitas-karlberg\/#breadcrumb","itemListElement":[{"@type":"ListItem","position":1,"name":"Start","item":"https:\/\/procivitas.se\/karlberg"},{"@type":"ListItem","position":2,"name":"Testimonial"}]},{"@type":"WebSite","@id":"https:\/\/procivitas.se\/karlberg\/#website","url":"https:\/\/procivitas.se\/karlberg\/","name":"Karlberg","description":"Just another WordPress site","potentialAction":[{"@type":"SearchAction","target":{"@type":"EntryPoint","urlTemplate":"https:\/\/procivitas.se\/karlberg\/?s={search_term_string}"},"query-input":"required name=search_term_string"}],"inLanguage":"sv-SE"}]}},"_links":{"self":[{"href":"https:\/\/procivitas.se\/karlberg\/wp-json\/wp\/v2\/testimonial\/2365"}],"collection":[{"href":"https:\/\/procivitas.se\/karlberg\/wp-json\/wp\/v2\/testimonial"}],"about":[{"href":"https:\/\/procivitas.se\/karlberg\/wp-json\/wp\/v2\/types\/testimonial"}],"wp:featuredmedia":[{"embeddable":true,"href":"https:\/\/procivitas.se\/karlberg\/wp-json\/wp\/v2\/media\/2368"}],"wp:attachment":[{"href":"https:\/\/procivitas.se\/karlberg\/wp-json\/wp\/v2\/media?parent=2365"}],"wp:term":[{"taxonomy":"testimonial_category","embeddable":true,"href":"https:\/\/procivitas.se\/karlberg\/wp-json\/wp\/v2\/testimonial_category?post=2365"}],"curies":[{"name":"wp","href":"https:\/\/api.w.org\/{rel}","templated":true}]}}