{"id":2755,"date":"2024-03-25T11:27:09","date_gmt":"2024-03-25T10:27:09","guid":{"rendered":"https:\/\/procivitas.se\/uppsala\/?page_id=2755"},"modified":"2024-06-10T10:38:37","modified_gmt":"2024-06-10T08:38:37","slug":"borjar-du-gymnasiet-i-host","status":"publish","type":"page","link":"https:\/\/procivitas.se\/uppsala\/borjar-du-gymnasiet-i-host\/","title":{"rendered":"B\u00f6rjar du gymnasiet i h\u00f6st?"},"content":{"rendered":"\n\t\n\t\n\t\n\n\t\n\t\n\t\t\n<section  class=\"c-block l-stacked  \" data-color-scheme=\"\">\n\t<div class=\"ams-fifty ams-fifty--container ams-fifty--right ams-fifty--bottom l-container u-pt-fluid-md-xl u-pb-fluid-2xl-4xl\">\n\t\t<div class=\"ams-fifty__content l-stack l-stack-xl is-left is-left@lg\">\n\t\t\t<div class=\"ams-fifty__text l-stack l-stack-lg\">\n\t\t\t\t\t\n\t<h1\n\tclass=\"c-heading u-font-title-1 \"\n\tstyle=\"\">\n\t\t\n\t\t\t\t\tB\u00f6rjar du gymnasiet i h\u00f6st? \n\t\t\t\t\n\t<\/h1>\n\n\t\t\t\t\t\t\t\t\t<div class=\"text l-stack u-font-body\">\n\t\t\t\t\t\t<p>P\u00e5 ProCivitas Uppsala har vi h\u00f6gt st\u00e4llda krav p\u00e5 oss sj\u00e4lva och vi har lika h\u00f6ga f\u00f6rv\u00e4ntningar och f\u00f6rhoppningar p\u00e5 dig som elev och vad vi kan \u00e5stadkomma tillsammans. V\u00e5ra l\u00e4rare \u00e4r utm\u00e4rkt skickliga p\u00e5 att m\u00f6ta, utveckla och utmana dig i ditt m\u00e5lmedvetna l\u00e4rande. Tillsammans dr\u00f6mmer vi stort, jobbar h\u00e5rt och trivs i en varm gemenskap. P\u00e5 ProCivitas Uppsala kan du l\u00e4sa Ekonomi-, Naturvetenskaps- eller Samh\u00e4llsvetenskapsprogrammet.<\/p>\n\n\t\t\t\t\t<\/div>\n\t\t\t\t\t\t\t<\/div>\n\n\t\t\t\t<div class=\"ams-fifty__action u-inline-items\">\n\t\t\t\t\t\t\t\n\n\n<a href=\"https:\/\/uppsala.dexter-ist.com\/Uppsala\/Default.asp?page=auth\/common\/login\"\n\t\n\tclass=\"c-btn \"\n\tdata-style=\"rounded\"\n\tdata-size=\"md\"\n\tdata-width=\"full-mobile\"\n\tdata-variant=\"default\"\n\ttarget=\"_blank\">\n\t\t\t<span class=\"label\"> Till ans\u00f6kningswebben <\/span>\n\t\t\t<\/a>\n\t\t\t\t\t\t\t\n\n\n<a href=\"https:\/\/procivitas.se\/uppsala\/borjar-du-gymnasiet-i-host\/#program\"\n\t\n\tclass=\"c-btn \"\n\tdata-style=\"rounded\"\n\tdata-size=\"md\"\n\tdata-width=\"full-mobile\"\n\tdata-variant=\"outline\"\n\ttarget=\"_self\">\n\t\t\t<span class=\"label\"> V\u00e5ra gymnasieprogram <\/span>\n\t\t\t<\/a>\n\t\t\t<\/div>\n\t\t<\/div>\n\n\t\t <div class=\"ams-fifty__media u-ratio-landscape\">\n\t\t \t\t\t\t\t\n\t\t\t\n\t\t\t\n\t\t\t\t\t<\/div>\n\t<\/div>\n\n\t\t\n\n<\/section>\n\n\n\n\n<section id=\"program\" class=\"ams-courses-list c-block l-stacked heading-decor\" data-color-scheme=\"kurslistning\">\n\t<div class=\"l-container l-stack l-stack-fluid-2xl u-pt-fluid-3xl-6xl u-pb-fluid-3xl-6xl is-center is-center@md\">\n\t\t\t\t\t<div class=\"ams-courses-list__intro l-stack l-stack-lg\">\n\t\t\t\t\t\n\t<h2\n\tclass=\"c-heading u-font-title-1 \"\n\tstyle=\"\">\n\t\t\n\t\t\t\t\tV\u00e5ra gymnasie&shy;program \n\t\t\t\t\n\t<\/h2>\n\n\t\t\t\t\t\t\t\t\t<div class=\"c-text l-stack u-cs-xl u-font-body\">\n\t\t\t\t\t\t<p>P\u00e5 ProCivitas Uppsala \u00e4r alla v\u00e5ra gymnasieprogram h\u00f6gskolef\u00f6rberedande. Det inneb\u00e4r att vi under din gymnasietid f\u00f6rbereder dig f\u00f6r vidare studier p\u00e5 h\u00f6gskola eller universitet.<\/p>\n\n\t\t\t\t\t<\/div>\n\t\t\t\t\t\t\t<\/div>\n\t\t\n\t\t\n\t\t\t\n<ul class=\"ams-courses-list__list l-grid u-gap-fluid-2xl-4xl u-justify-center\">\n\t\t\t<li class=\"l-col-6@md l-col-4@lg\">\n\t\t\t<article class=\"c-card has-media-zoom  \"\n\t\t\t\t\t\tdata-variant=\"\"\n\t\t\t\t\t\tdata-style=\"square\"\n\t\t\t\t\t\tdata-click-area>\n\t\t\t\t<div class=\"c-card__content l-stack l-stack-sm\">\n\t\t\t\t\t\t\t\t\t\t\t<h3 class=\"c-card__title u-font-title-3\">\n\t\t\t\t\t\t\t\t\t\t\t\t\t\t\t<a class=\"c-card__title-link\" href=\"https:\/\/procivitas.se\/uppsala\/program\/ekonomiprogrammet\/\">\n\t\t\t\t\t\t\t\t\tEkonomiprogrammet\n\t\t\t\t\t\t\t\t<\/a>\n\t\t\t\t\t\t\t\t\t\t\t\t\t<\/h3>\n\t\t\t\t\t\n\t\t\t\t\t\n\t\t\t\t\t\t\t\t\t\t\t\t\t\t\t\t<ul class=\"c-card__list u-list-none l-stack-grow u-divider-top u-font-body\">\n\t\t\t\t\t\t\t\t\t\t\t\t\t\t\t<li>\n\t\t\t\t\t\t\t\t\t<strong>Program<\/strong>\n\t\t\t\t\t\t\t\t\t<ul class=\"u-list-dash\">\n\t\t\t\t\t\t\t\t\t\t\t\t\t\t\t\t\t\t\t\t\t<li>Ekonomiprogrammet<\/li>\n\t\t\t\t\t\t\t\t\t\t\t\t\t\t\t\t\t\t\t<\/ul>\n\t\t\t\t\t\t\t\t<\/li>\n\t\t\t\t\t\t\t\n\t\t\t\t\t\t\t\n\t\t\t\t\t\t\t\t<!-- Orientations within program -->\n\t\t\t\t\t\t\t\t\t\t\t\t\t\t\t\t\t<li>\n\t\t\t\t\t\t\t\t\t\t<strong>Inriktning<\/strong>\n\t\t\t\t\t\t\t\t\t\t<ul class=\"u-list-dash\">\n\t\t\t\t\t\t\t\t\t\t\t\t\t\t\t\t\t\t\t\t\t\t\t\t\t\t\t\t\t\t\t\t\t\t\t\t<li>Ekonomi<\/li>\n\t\t\t\t\t\t\t\t\t\t\t\t\t\t\t\t\t\t\t\t\t\t\t\t\t<li>Juridik<\/li>\n\t\t\t\t\t\t\t\t\t\t\t\t\t\t\t\t\t\t\t\t\t\t\t\t\t\t\t\t\t\t\t\t\t<\/ul>\n\t\t\t\t\t\t\t\t\t<\/li>\n\t\t\t\t\t\t\t\t\t\t\t\t\t\t\t\t<!-- .\/Orientations within program -->\n\n\t\t\t\t\t\t\t\t\t\t\t\t\t<\/ul>\n\n\t\t\t\t\t\t<div class=\"c-card__icon c-card__icon--nl\">\n\t\t\t\t\t\t\t\t\t\t\t\t\t\t<svg class=\"ams-icon ams-icon--arrow-right\" width=\"32\" height=\"32\" viewbox=\"0 0 32 32\" fill=\"currentColor\" aria-hidden=\"true\" xmlns=\"http:\/\/www.w3.org\/2000\/svg\">\n\t\t\t\t\t\t\t\t\t\t\t\t\t\t\t\t<path d=\"M15.4617 0.252159L14.9567 0.75931C14.6219 1.09545 14.6219 1.64048 14.9567 1.97669L27.7062 14.7806H0.857144C0.383786 14.7806 0 15.166 0 15.6414V16.3587C0 16.8341 0.383786 17.2195 0.857144 17.2195H27.7062L14.9567 30.0234C14.6219 30.3595 14.6219 30.9045 14.9567 31.2407L15.4617 31.7479C15.7964 32.084 16.3392 32.084 16.6739 31.7479L31.749 16.6087C32.0837 16.2725 32.0837 15.7275 31.749 15.3913L16.6739 0.252159C16.3392 -0.084053 15.7964 -0.084053 15.4617 0.252159Z\"\/>\n\t\t\t\t\t\t\t\n\t\t\t\t\t\t\t<\/svg>\n\t\t\t\t\t\t<\/div>\n\t\t\t\t\t\t\t\t\t<\/div>\n\t\t\t\t<div class=\"c-card__media \" style=\" \">\n\t\t\t\t\t<img decoding=\"async\" width=\"400\" height=\"267\" src=\"https:\/\/procivitas.se\/wp-content\/uploads\/sites\/8\/2024\/06\/prouppsalaungforetagsamhet202405-202905webb69-400x267.jpg\" class=\"attachment-sm size-sm wp-post-image\" alt=\"Elever studerar tillsammans med en l\u00e4rare som hj\u00e4lper dem med datorarbete i klassrummet.\" sizes=\"(min-width: 64em) 300px, (min-width: 48em) calc(.50 * (100vw - 240px)), calc(100vw - 160px)\" srcset=\"https:\/\/procivitas.se\/wp-content\/uploads\/sites\/8\/2024\/06\/prouppsalaungforetagsamhet202405-202905webb69-400x267.jpg 400w, https:\/\/procivitas.se\/wp-content\/uploads\/sites\/8\/2024\/06\/prouppsalaungforetagsamhet202405-202905webb69-300x200.jpg 300w, https:\/\/procivitas.se\/wp-content\/uploads\/sites\/8\/2024\/06\/prouppsalaungforetagsamhet202405-202905webb69-600x400.jpg 600w, https:\/\/procivitas.se\/wp-content\/uploads\/sites\/8\/2024\/06\/prouppsalaungforetagsamhet202405-202905webb69-800x533.jpg 800w, https:\/\/procivitas.se\/wp-content\/uploads\/sites\/8\/2024\/06\/prouppsalaungforetagsamhet202405-202905webb69-1024x683.jpg 1024w, https:\/\/procivitas.se\/wp-content\/uploads\/sites\/8\/2024\/06\/prouppsalaungforetagsamhet202405-202905webb69.jpg 1080w\" \/>\n\t\t\t\t<\/div>\n\t\t\t<\/article>\n\t\t<\/li>\n\t\t\t<li class=\"l-col-6@md l-col-4@lg\">\n\t\t\t<article class=\"c-card has-media-zoom  \"\n\t\t\t\t\t\tdata-variant=\"\"\n\t\t\t\t\t\tdata-style=\"square\"\n\t\t\t\t\t\tdata-click-area>\n\t\t\t\t<div class=\"c-card__content l-stack l-stack-sm\">\n\t\t\t\t\t\t\t\t\t\t\t<h3 class=\"c-card__title u-font-title-3\">\n\t\t\t\t\t\t\t\t\t\t\t\t\t\t\t<a class=\"c-card__title-link\" href=\"https:\/\/procivitas.se\/uppsala\/program\/naturvetenskapsprogrammet\/\">\n\t\t\t\t\t\t\t\t\tNaturvetenskaps&shy;programmet\n\t\t\t\t\t\t\t\t<\/a>\n\t\t\t\t\t\t\t\t\t\t\t\t\t<\/h3>\n\t\t\t\t\t\n\t\t\t\t\t\n\t\t\t\t\t\t\t\t\t\t\t\t\t\t\t\t<ul class=\"c-card__list u-list-none l-stack-grow u-divider-top u-font-body\">\n\t\t\t\t\t\t\t\t\t\t\t\t\t\t\t<li>\n\t\t\t\t\t\t\t\t\t<strong>Program<\/strong>\n\t\t\t\t\t\t\t\t\t<ul class=\"u-list-dash\">\n\t\t\t\t\t\t\t\t\t\t\t\t\t\t\t\t\t\t\t\t\t<li>Naturvetenskapsprogrammet<\/li>\n\t\t\t\t\t\t\t\t\t\t\t\t\t\t\t\t\t\t\t<\/ul>\n\t\t\t\t\t\t\t\t<\/li>\n\t\t\t\t\t\t\t\n\t\t\t\t\t\t\t\n\t\t\t\t\t\t\t\t<!-- Orientations within program -->\n\t\t\t\t\t\t\t\t\t\t\t\t\t\t\t\t\t<li>\n\t\t\t\t\t\t\t\t\t\t<strong>Inriktning<\/strong>\n\t\t\t\t\t\t\t\t\t\t<ul class=\"u-list-dash\">\n\t\t\t\t\t\t\t\t\t\t\t\t\t\t\t\t\t\t\t\t\t\t\t\t\t\t\t\t\t\t\t\t\t\t\t\t<li>Naturvetenskap<\/li>\n\t\t\t\t\t\t\t\t\t\t\t\t\t\t\t\t\t\t\t\t\t\t\t\t\t<li>Naturvetenskap och samh\u00e4lle<\/li>\n\t\t\t\t\t\t\t\t\t\t\t\t\t\t\t\t\t\t\t\t\t\t\t\t\t\t\t\t\t\t\t\t\t<\/ul>\n\t\t\t\t\t\t\t\t\t<\/li>\n\t\t\t\t\t\t\t\t\t\t\t\t\t\t\t\t<!-- .\/Orientations within program -->\n\n\t\t\t\t\t\t\t\t\t\t\t\t\t<\/ul>\n\n\t\t\t\t\t\t<div class=\"c-card__icon c-card__icon--nl\">\n\t\t\t\t\t\t\t\t\t\t\t\t\t\t<svg class=\"ams-icon ams-icon--arrow-right\" width=\"32\" height=\"32\" viewbox=\"0 0 32 32\" fill=\"currentColor\" aria-hidden=\"true\" xmlns=\"http:\/\/www.w3.org\/2000\/svg\">\n\t\t\t\t\t\t\t\t\t\t\t\t\t\t\t\t<path d=\"M15.4617 0.252159L14.9567 0.75931C14.6219 1.09545 14.6219 1.64048 14.9567 1.97669L27.7062 14.7806H0.857144C0.383786 14.7806 0 15.166 0 15.6414V16.3587C0 16.8341 0.383786 17.2195 0.857144 17.2195H27.7062L14.9567 30.0234C14.6219 30.3595 14.6219 30.9045 14.9567 31.2407L15.4617 31.7479C15.7964 32.084 16.3392 32.084 16.6739 31.7479L31.749 16.6087C32.0837 16.2725 32.0837 15.7275 31.749 15.3913L16.6739 0.252159C16.3392 -0.084053 15.7964 -0.084053 15.4617 0.252159Z\"\/>\n\t\t\t\t\t\t\t\n\t\t\t\t\t\t\t<\/svg>\n\t\t\t\t\t\t<\/div>\n\t\t\t\t\t\t\t\t\t<\/div>\n\t\t\t\t<div class=\"c-card__media \" style=\" \">\n\t\t\t\t\t<img decoding=\"async\" width=\"400\" height=\"183\" src=\"https:\/\/procivitas.se\/wp-content\/uploads\/sites\/8\/2023\/10\/prouppsalanaturvetenskapsprogrammet202405-202905webb2-e1776341468379-400x183.jpg\" class=\"attachment-sm size-sm wp-post-image\" alt=\"Elever i labbrockar arbetar i ett laboratorium, en elev anv\u00e4nder mikroskop.\" sizes=\"(min-width: 64em) 300px, (min-width: 48em) calc(.50 * (100vw - 240px)), calc(100vw - 160px)\" srcset=\"https:\/\/procivitas.se\/wp-content\/uploads\/sites\/8\/2023\/10\/prouppsalanaturvetenskapsprogrammet202405-202905webb2-e1776341468379-400x183.jpg 400w, https:\/\/procivitas.se\/wp-content\/uploads\/sites\/8\/2023\/10\/prouppsalanaturvetenskapsprogrammet202405-202905webb2-e1776341468379-300x137.jpg 300w, https:\/\/procivitas.se\/wp-content\/uploads\/sites\/8\/2023\/10\/prouppsalanaturvetenskapsprogrammet202405-202905webb2-e1776341468379-600x274.jpg 600w, https:\/\/procivitas.se\/wp-content\/uploads\/sites\/8\/2023\/10\/prouppsalanaturvetenskapsprogrammet202405-202905webb2-e1776341468379-800x366.jpg 800w, https:\/\/procivitas.se\/wp-content\/uploads\/sites\/8\/2023\/10\/prouppsalanaturvetenskapsprogrammet202405-202905webb2-e1776341468379-1024x468.jpg 1024w, https:\/\/procivitas.se\/wp-content\/uploads\/sites\/8\/2023\/10\/prouppsalanaturvetenskapsprogrammet202405-202905webb2-e1776341468379.jpg 1080w\" \/>\n\t\t\t\t<\/div>\n\t\t\t<\/article>\n\t\t<\/li>\n\t\t\t<li class=\"l-col-6@md l-col-4@lg\">\n\t\t\t<article class=\"c-card has-media-zoom  \"\n\t\t\t\t\t\tdata-variant=\"\"\n\t\t\t\t\t\tdata-style=\"square\"\n\t\t\t\t\t\tdata-click-area>\n\t\t\t\t<div class=\"c-card__content l-stack l-stack-sm\">\n\t\t\t\t\t\t\t\t\t\t\t<h3 class=\"c-card__title u-font-title-3\">\n\t\t\t\t\t\t\t\t\t\t\t\t\t\t\t<a class=\"c-card__title-link\" href=\"https:\/\/procivitas.se\/uppsala\/program\/samhallsvetenskapsprogrammet\/\">\n\t\t\t\t\t\t\t\t\tSamh\u00e4llsvetenskaps&shy;programmet\n\t\t\t\t\t\t\t\t<\/a>\n\t\t\t\t\t\t\t\t\t\t\t\t\t<\/h3>\n\t\t\t\t\t\n\t\t\t\t\t\n\t\t\t\t\t\t\t\t\t\t\t\t\t\t\t\t<ul class=\"c-card__list u-list-none l-stack-grow u-divider-top u-font-body\">\n\t\t\t\t\t\t\t\t\t\t\t\t\t\t\t<li>\n\t\t\t\t\t\t\t\t\t<strong>Program<\/strong>\n\t\t\t\t\t\t\t\t\t<ul class=\"u-list-dash\">\n\t\t\t\t\t\t\t\t\t\t\t\t\t\t\t\t\t\t\t\t\t<li>Samh\u00e4llsvetenskapsprogrammet<\/li>\n\t\t\t\t\t\t\t\t\t\t\t\t\t\t\t\t\t\t\t<\/ul>\n\t\t\t\t\t\t\t\t<\/li>\n\t\t\t\t\t\t\t\n\t\t\t\t\t\t\t\n\t\t\t\t\t\t\t\t<!-- Orientations within program -->\n\t\t\t\t\t\t\t\t\t\t\t\t\t\t\t\t\t<li>\n\t\t\t\t\t\t\t\t\t\t<strong>Inriktning<\/strong>\n\t\t\t\t\t\t\t\t\t\t<ul class=\"u-list-dash\">\n\t\t\t\t\t\t\t\t\t\t\t\t\t\t\t\t\t\t\t\t\t\t\t\t\t\t\t\t\t\t\t\t\t\t\t\t<li>Samh\u00e4llsvetenskap<\/li>\n\t\t\t\t\t\t\t\t\t\t\t\t\t\t\t\t\t\t\t\t\t\t\t\t\t<li>Beteendevetenskap<\/li>\n\t\t\t\t\t\t\t\t\t\t\t\t\t\t\t\t\t\t\t\t\t\t\t\t\t\t\t\t\t\t\t\t\t<\/ul>\n\t\t\t\t\t\t\t\t\t<\/li>\n\t\t\t\t\t\t\t\t\t\t\t\t\t\t\t\t<!-- .\/Orientations within program -->\n\n\t\t\t\t\t\t\t\t\t\t\t\t\t<\/ul>\n\n\t\t\t\t\t\t<div class=\"c-card__icon c-card__icon--nl\">\n\t\t\t\t\t\t\t\t\t\t\t\t\t\t<svg class=\"ams-icon ams-icon--arrow-right\" width=\"32\" height=\"32\" viewbox=\"0 0 32 32\" fill=\"currentColor\" aria-hidden=\"true\" xmlns=\"http:\/\/www.w3.org\/2000\/svg\">\n\t\t\t\t\t\t\t\t\t\t\t\t\t\t\t\t<path d=\"M15.4617 0.252159L14.9567 0.75931C14.6219 1.09545 14.6219 1.64048 14.9567 1.97669L27.7062 14.7806H0.857144C0.383786 14.7806 0 15.166 0 15.6414V16.3587C0 16.8341 0.383786 17.2195 0.857144 17.2195H27.7062L14.9567 30.0234C14.6219 30.3595 14.6219 30.9045 14.9567 31.2407L15.4617 31.7479C15.7964 32.084 16.3392 32.084 16.6739 31.7479L31.749 16.6087C32.0837 16.2725 32.0837 15.7275 31.749 15.3913L16.6739 0.252159C16.3392 -0.084053 15.7964 -0.084053 15.4617 0.252159Z\"\/>\n\t\t\t\t\t\t\t\n\t\t\t\t\t\t\t<\/svg>\n\t\t\t\t\t\t<\/div>\n\t\t\t\t\t\t\t\t\t<\/div>\n\t\t\t\t<div class=\"c-card__media \" style=\" \">\n\t\t\t\t\t<img decoding=\"async\" width=\"400\" height=\"267\" src=\"https:\/\/procivitas.se\/wp-content\/uploads\/sites\/8\/2023\/10\/prouppsalasamhallsvetenskapsprogrammet202405-202905webb85-400x267.jpg\" class=\"attachment-sm size-sm wp-post-image\" alt=\"L\u00e4raren och tv\u00e5 studenter skrattar och arbetar vid en dator i klassrummet.\" sizes=\"(min-width: 64em) 300px, (min-width: 48em) calc(.50 * (100vw - 240px)), calc(100vw - 160px)\" srcset=\"https:\/\/procivitas.se\/wp-content\/uploads\/sites\/8\/2023\/10\/prouppsalasamhallsvetenskapsprogrammet202405-202905webb85-400x267.jpg 400w, https:\/\/procivitas.se\/wp-content\/uploads\/sites\/8\/2023\/10\/prouppsalasamhallsvetenskapsprogrammet202405-202905webb85-300x200.jpg 300w, https:\/\/procivitas.se\/wp-content\/uploads\/sites\/8\/2023\/10\/prouppsalasamhallsvetenskapsprogrammet202405-202905webb85-600x400.jpg 600w, https:\/\/procivitas.se\/wp-content\/uploads\/sites\/8\/2023\/10\/prouppsalasamhallsvetenskapsprogrammet202405-202905webb85-800x533.jpg 800w, https:\/\/procivitas.se\/wp-content\/uploads\/sites\/8\/2023\/10\/prouppsalasamhallsvetenskapsprogrammet202405-202905webb85-1024x683.jpg 1024w, https:\/\/procivitas.se\/wp-content\/uploads\/sites\/8\/2023\/10\/prouppsalasamhallsvetenskapsprogrammet202405-202905webb85.jpg 1080w\" \/>\n\t\t\t\t<\/div>\n\t\t\t<\/article>\n\t\t<\/li>\n\t<\/ul>\n\t\n\n\t\t\t<\/div>\n\n\t\t\n\n<\/section>\n\n\n\n\n\n<section  class=\"ams-article c-block l-stacked heading-decor  js-load-more\" data-color-scheme=\"cards\" data-count=\"3\" data-count-mobile=\"2\">\n\t<div class=\"l-container l-stack l-stack-fluid-2xl u-pt-fluid-3xl-6xl u-pb-fluid-3xl-6xl is-center is-center@md\">\n\t\t\t\t\t<div class=\"ams-article__intro l-stack l-stack-lg\">\n\t\t\t\t\t\n\t<h2\n\tclass=\"c-heading u-font-title-1 \"\n\tstyle=\"\">\n\t\t\n\t\t\t\t\tDetta g\u00f6r v\u00e5ra tidigare elever idag \n\t\t\t\t\n\t<\/h2>\n\n\t\t\t\t\t\t\t<\/div>\n\t\t\n\t\t\t\n\t    \n\t\n\t<ul id=\"ams-article-list-69f3cf6131fb6\" class=\"ams-article__list l-grid u-gap-2xl u-justify-center js-results \" aria-label=\"Artiklar\" data-filter-animation=\"off\">\n\t\t\t\t\t\t\t\t\t\t\t\t\t\t\t\t\t\n\t\t\t\n\t\t\t\n\t\t\t<li class=\"l-col-6@md l-col-4@lg \" data-filter=\"alumner natur ung-foretagsamhet mars-2026\">\n\t\t\t\t<article class=\"c-card  has-media-zoom  \" data-variant=\"neutral\" data-style=\"square\" data-click-area>\n\t\t\t\t\t<div class=\"c-card__content l-stack l-stack-sm\">\n\n\t\t\t\t\t\t\t\t\t\t\t\t\t<time class=\"c-card__date u-font-small\" datetime=\"2026-03-05\">5 mars 2026<\/time>\n\t\t\t\t\t\t\n\t\t\t\t\t\t\t\t\t\t\t\t\t<h3 class=\"c-card__title u-font-title-3\">\n\t\t\t\t\t\t\t\t\t\t\t\t\t\t\t\t\t<a class=\"c-card__link\" href=\"https:\/\/procivitas.se\/uppsala\/nyheter\/top-3-arets-unga-entreprenor\/\">\n\t\t\t\t\t\t\t\t\t\tTopp 3 \u00c5rets Unga Entrepren\u00f6r!\u00a0\n\t\t\t\t\t\t\t\t\t<\/a>\n\t\t\t\t\t\t\t\t\t\t\t\t\t\t\t<\/h3>\n\t\t\t\t\t\t\n\t\t\t\t\t\t\t\t\t\t\t\t\t<p class=\"c-card__text l-stack-xs u-font-body\">\n\t\t\t\t\t\t\t\tStort grattis till v\u00e5r elev Ava \u2013 vidare till topp 3 i \u00c5rets Unga Entrepren\u00f6r 2026!\n\t\t\t\t\t\t\t<\/p>\n\t\t\t\t\t\t\n\t\t\t\t\t\t\t\t\t\t\t\t\t<ul class=\"c-card__tags l-stack-grow u-list-none u-pt-md\" aria-label=\"Kategorier\">\n\t\t\t\t\t\t\t\t\t\t\t\t\t\t\t\t\t<li><span class=\"c-tag\" data-variant=\"outline\">Alumner<\/span><\/li>\n\t\t\t\t\t\t\t\t\t\t\t\t\t\t\t\t\t<li><span class=\"c-tag\" data-variant=\"outline\">Natur<\/span><\/li>\n\t\t\t\t\t\t\t\t\t\t\t\t\t\t\t\t\t<li><span class=\"c-tag\" data-variant=\"outline\">Ung f\u00f6retagsamhet<\/span><\/li>\n\t\t\t\t\t\t\t\t\t\t\t\t\t\t\t<\/ul>\n\t\t\t\t\t\t\n\t\t\t\t\t\t<div class=\"c-card__icon\">\n\t\t\t\t\t\t\t\t\t\t\t\t\t\t<svg class=\"ams-icon ams-icon--arrow-right\" width=\"32\" height=\"32\" viewbox=\"0 0 32 32\" fill=\"currentColor\" aria-hidden=\"true\" xmlns=\"http:\/\/www.w3.org\/2000\/svg\">\n\t\t\t\t\t\t\t\t\t\t\t\t\t\t\t\t<path d=\"M15.4617 0.252159L14.9567 0.75931C14.6219 1.09545 14.6219 1.64048 14.9567 1.97669L27.7062 14.7806H0.857144C0.383786 14.7806 0 15.166 0 15.6414V16.3587C0 16.8341 0.383786 17.2195 0.857144 17.2195H27.7062L14.9567 30.0234C14.6219 30.3595 14.6219 30.9045 14.9567 31.2407L15.4617 31.7479C15.7964 32.084 16.3392 32.084 16.6739 31.7479L31.749 16.6087C32.0837 16.2725 32.0837 15.7275 31.749 15.3913L16.6739 0.252159C16.3392 -0.084053 15.7964 -0.084053 15.4617 0.252159Z\"\/>\n\t\t\t\t\t\t\t\n\t\t\t\t\t\t\t<\/svg>\n\t\t\t\t\t\t<\/div>\n\t\t\t\t\t<\/div>\n\n\t\t\t\t\t<div class=\"c-card__media u-radius-rounded\" style=\" \">\n\t\t\t\t\t\t<img decoding=\"async\" width=\"400\" height=\"432\" src=\"https:\/\/procivitas.se\/wp-content\/uploads\/sites\/8\/2026\/03\/123-anywhere-st-any-city-e1773323664178-400x432.png\" class=\"attachment-sm size-sm\" alt=\"\" sizes=\"(min-width: 64em) 300px, (min-width: 48em) calc(.50 * (100vw - 224px)), calc(100vw - 160px)\" srcset=\"https:\/\/procivitas.se\/wp-content\/uploads\/sites\/8\/2026\/03\/123-anywhere-st-any-city-e1773323664178-400x432.png 400w, https:\/\/procivitas.se\/wp-content\/uploads\/sites\/8\/2026\/03\/123-anywhere-st-any-city-e1773323664178-300x324.png 300w, https:\/\/procivitas.se\/wp-content\/uploads\/sites\/8\/2026\/03\/123-anywhere-st-any-city-e1773323664178-600x648.png 600w, https:\/\/procivitas.se\/wp-content\/uploads\/sites\/8\/2026\/03\/123-anywhere-st-any-city-e1773323664178-800x864.png 800w, https:\/\/procivitas.se\/wp-content\/uploads\/sites\/8\/2026\/03\/123-anywhere-st-any-city-e1773323664178.png 1001w\" \/>\n\t\t\t\t\t<\/div>\n\t\t\t\t<\/article>\n\t\t\t<\/li>\n\t\t\t\t\t\t\t\t\t\t\t\t\t\t\t\t\t\n\t\t\t\n\t\t\t\n\t\t\t<li class=\"l-col-6@md l-col-4@lg \" data-filter=\"alumner mars-2024\">\n\t\t\t\t<article class=\"c-card  has-media-zoom  \" data-variant=\"neutral\" data-style=\"square\" data-click-area>\n\t\t\t\t\t<div class=\"c-card__content l-stack l-stack-sm\">\n\n\t\t\t\t\t\t\t\t\t\t\t\t\t<time class=\"c-card__date u-font-small\" datetime=\"2024-03-01\">1 mars 2024<\/time>\n\t\t\t\t\t\t\n\t\t\t\t\t\t\t\t\t\t\t\t\t<h3 class=\"c-card__title u-font-title-3\">\n\t\t\t\t\t\t\t\t\t\t\t\t\t\t\t\t\t<a class=\"c-card__link\" href=\"https:\/\/procivitas.se\/uppsala\/nyheter\/noomi-drommer-om-att-bli-larare\/\">\n\t\t\t\t\t\t\t\t\t\tNoomi dr\u00f6mmer om att bli l\u00e4rare\n\t\t\t\t\t\t\t\t\t<\/a>\n\t\t\t\t\t\t\t\t\t\t\t\t\t\t\t<\/h3>\n\t\t\t\t\t\t\n\t\t\t\t\t\t\t\t\t\t\t\t\t<p class=\"c-card__text l-stack-xs u-font-body\">\n\t\t\t\t\t\t\t\tNoomi har alltid gillat att plugga och l\u00e4ra sig nya saker, d\u00e4rf\u00f6r hoppade hon p\u00e5 en universitetsutbildning direkt efter gymnasiet&#8230;.\n\t\t\t\t\t\t\t<\/p>\n\t\t\t\t\t\t\n\t\t\t\t\t\t\t\t\t\t\t\t\t<ul class=\"c-card__tags l-stack-grow u-list-none u-pt-md\" aria-label=\"Kategorier\">\n\t\t\t\t\t\t\t\t\t\t\t\t\t\t\t\t\t<li><span class=\"c-tag\" data-variant=\"outline\">Alumner<\/span><\/li>\n\t\t\t\t\t\t\t\t\t\t\t\t\t\t\t<\/ul>\n\t\t\t\t\t\t\n\t\t\t\t\t\t<div class=\"c-card__icon\">\n\t\t\t\t\t\t\t\t\t\t\t\t\t\t<svg class=\"ams-icon ams-icon--arrow-right\" width=\"32\" height=\"32\" viewbox=\"0 0 32 32\" fill=\"currentColor\" aria-hidden=\"true\" xmlns=\"http:\/\/www.w3.org\/2000\/svg\">\n\t\t\t\t\t\t\t\t\t\t\t\t\t\t\t\t<path d=\"M15.4617 0.252159L14.9567 0.75931C14.6219 1.09545 14.6219 1.64048 14.9567 1.97669L27.7062 14.7806H0.857144C0.383786 14.7806 0 15.166 0 15.6414V16.3587C0 16.8341 0.383786 17.2195 0.857144 17.2195H27.7062L14.9567 30.0234C14.6219 30.3595 14.6219 30.9045 14.9567 31.2407L15.4617 31.7479C15.7964 32.084 16.3392 32.084 16.6739 31.7479L31.749 16.6087C32.0837 16.2725 32.0837 15.7275 31.749 15.3913L16.6739 0.252159C16.3392 -0.084053 15.7964 -0.084053 15.4617 0.252159Z\"\/>\n\t\t\t\t\t\t\t\n\t\t\t\t\t\t\t<\/svg>\n\t\t\t\t\t\t<\/div>\n\t\t\t\t\t<\/div>\n\n\t\t\t\t\t<div class=\"c-card__media u-radius-rounded\" style=\" \">\n\t\t\t\t\t\t<img decoding=\"async\" width=\"400\" height=\"437\" src=\"https:\/\/procivitas.se\/wp-content\/uploads\/sites\/8\/2024\/02\/portrattbildnoomipcuppsala-400x437.png\" class=\"attachment-sm size-sm\" alt=\"Elev och hund st\u00e5r utomhus i en vintrig milj\u00f6.\" sizes=\"(min-width: 64em) 300px, (min-width: 48em) calc(.50 * (100vw - 224px)), calc(100vw - 160px)\" srcset=\"https:\/\/procivitas.se\/wp-content\/uploads\/sites\/8\/2024\/02\/portrattbildnoomipcuppsala-400x437.png 400w, https:\/\/procivitas.se\/wp-content\/uploads\/sites\/8\/2024\/02\/portrattbildnoomipcuppsala-300x328.png 300w, https:\/\/procivitas.se\/wp-content\/uploads\/sites\/8\/2024\/02\/portrattbildnoomipcuppsala.png 444w\" \/>\n\t\t\t\t\t<\/div>\n\t\t\t\t<\/article>\n\t\t\t<\/li>\n\t\t\t\t\t\t\t\t\t\t\t\t\t\t\t\t\t\n\t\t\t\n\t\t\t\n\t\t\t<li class=\"l-col-6@md l-col-4@lg \" data-filter=\"alumner januari-2024\">\n\t\t\t\t<article class=\"c-card  has-media-zoom  \" data-variant=\"neutral\" data-style=\"square\" data-click-area>\n\t\t\t\t\t<div class=\"c-card__content l-stack l-stack-sm\">\n\n\t\t\t\t\t\t\t\t\t\t\t\t\t<time class=\"c-card__date u-font-small\" datetime=\"2024-01-23\">23 januari 2024<\/time>\n\t\t\t\t\t\t\n\t\t\t\t\t\t\t\t\t\t\t\t\t<h3 class=\"c-card__title u-font-title-3\">\n\t\t\t\t\t\t\t\t\t\t\t\t\t\t\t\t\t<a class=\"c-card__link\" href=\"https:\/\/procivitas.se\/uppsala\/nyheter\/linus-laser-till-civilingenjor-vid-uppsala-universitet\/\">\n\t\t\t\t\t\t\t\t\t\tLinus l\u00e4ser till Civilingenj\u00f6r vid Uppsala Universitet \n\t\t\t\t\t\t\t\t\t<\/a>\n\t\t\t\t\t\t\t\t\t\t\t\t\t\t\t<\/h3>\n\t\t\t\t\t\t\n\t\t\t\t\t\t\t\t\t\t\t\t\t<p class=\"c-card__text l-stack-xs u-font-body\">\n\t\t\t\t\t\t\t\tLinus tog studenten fr\u00e5n ProCivitas Uppsala i juni 2023 och l\u00e4ser idag till Civilingenj\u00f6r i Energisystem vid Uppsala Universitet och Sveriges Lantbruksuniversitet.\n\t\t\t\t\t\t\t<\/p>\n\t\t\t\t\t\t\n\t\t\t\t\t\t\t\t\t\t\t\t\t<ul class=\"c-card__tags l-stack-grow u-list-none u-pt-md\" aria-label=\"Kategorier\">\n\t\t\t\t\t\t\t\t\t\t\t\t\t\t\t\t\t<li><span class=\"c-tag\" data-variant=\"outline\">Alumner<\/span><\/li>\n\t\t\t\t\t\t\t\t\t\t\t\t\t\t\t<\/ul>\n\t\t\t\t\t\t\n\t\t\t\t\t\t<div class=\"c-card__icon\">\n\t\t\t\t\t\t\t\t\t\t\t\t\t\t<svg class=\"ams-icon ams-icon--arrow-right\" width=\"32\" height=\"32\" viewbox=\"0 0 32 32\" fill=\"currentColor\" aria-hidden=\"true\" xmlns=\"http:\/\/www.w3.org\/2000\/svg\">\n\t\t\t\t\t\t\t\t\t\t\t\t\t\t\t\t<path d=\"M15.4617 0.252159L14.9567 0.75931C14.6219 1.09545 14.6219 1.64048 14.9567 1.97669L27.7062 14.7806H0.857144C0.383786 14.7806 0 15.166 0 15.6414V16.3587C0 16.8341 0.383786 17.2195 0.857144 17.2195H27.7062L14.9567 30.0234C14.6219 30.3595 14.6219 30.9045 14.9567 31.2407L15.4617 31.7479C15.7964 32.084 16.3392 32.084 16.6739 31.7479L31.749 16.6087C32.0837 16.2725 32.0837 15.7275 31.749 15.3913L16.6739 0.252159C16.3392 -0.084053 15.7964 -0.084053 15.4617 0.252159Z\"\/>\n\t\t\t\t\t\t\t\n\t\t\t\t\t\t\t<\/svg>\n\t\t\t\t\t\t<\/div>\n\t\t\t\t\t<\/div>\n\n\t\t\t\t\t<div class=\"c-card__media u-radius-rounded\" style=\" \">\n\t\t\t\t\t\t<img decoding=\"async\" width=\"400\" height=\"300\" src=\"https:\/\/procivitas.se\/wp-content\/uploads\/sites\/8\/2024\/01\/linus-alumn-400x300.jpeg\" class=\"attachment-sm size-sm\" alt=\"Alumnen Linus sitter vid en skolb\u00e4nk vid Uppsala universitet\" sizes=\"(min-width: 64em) 300px, (min-width: 48em) calc(.50 * (100vw - 224px)), calc(100vw - 160px)\" srcset=\"https:\/\/procivitas.se\/wp-content\/uploads\/sites\/8\/2024\/01\/linus-alumn-400x300.jpeg 400w, https:\/\/procivitas.se\/wp-content\/uploads\/sites\/8\/2024\/01\/linus-alumn-300x225.jpeg 300w, https:\/\/procivitas.se\/wp-content\/uploads\/sites\/8\/2024\/01\/linus-alumn-600x450.jpeg 600w, https:\/\/procivitas.se\/wp-content\/uploads\/sites\/8\/2024\/01\/linus-alumn-800x600.jpeg 800w, https:\/\/procivitas.se\/wp-content\/uploads\/sites\/8\/2024\/01\/linus-alumn-1024x768.jpeg 1024w, https:\/\/procivitas.se\/wp-content\/uploads\/sites\/8\/2024\/01\/linus-alumn-1200x900.jpeg 1200w, https:\/\/procivitas.se\/wp-content\/uploads\/sites\/8\/2024\/01\/linus-alumn-768x576.jpeg 768w, https:\/\/procivitas.se\/wp-content\/uploads\/sites\/8\/2024\/01\/linus-alumn.jpeg 1280w\" \/>\n\t\t\t\t\t<\/div>\n\t\t\t\t<\/article>\n\t\t\t<\/li>\n\t\t\t<\/ul>\n\n\t<div class=\"no-results u-mt-0 u-hide\" data-filter-fallback-id=\"ams-article-list-69f3cf6131fb6\">\n\t<p>Det finns inga resultat som matchar din filtrering.<\/p>\n<\/div>\n\n\t\n\n\t\t\n\t\t\t<\/div>\n\n\t\t\n\n<\/section>\n\n\n\n\n<section  class=\"ams-cta ams-cta--stacked c-block l-stacked heading-decor \" data-color-scheme=\"blue\">\n\t<div class=\"l-container l-stack l-stack-fluid-2xl u-pt-fluid-3xl-6xl u-pb-fluid-3xl-6xl is-center is-center@md\">\n\t\t\t\t\t<div class=\"ams-cta__intro l-stack l-stack-lg\">\n\t\t\t\t\t\n\t<h2\n\tclass=\"c-heading u-font-title-1 \"\n\tstyle=\"\">\n\t\t\n\t\t\t\t\tVill du veta mer om ProCivitas Uppsala? \n\t\t\t\t\n\t<\/h2>\n\n\t\t\t\t\t\t\t\t\t<div class=\"c-text l-stack u-cs-xl u-font-body\">\n\t\t\t\t\t\t<p>Bes\u00f6k oss p\u00e5 \u00f6ppet hus eller boka in dig p\u00e5 skuggning f\u00f6r att tr\u00e4ffa l\u00e4rare, elever och uppleva skolans lokaler.<\/p>\n\n\t\t\t\t\t<\/div>\n\t\t\t\t\t\t\t<\/div>\n\t\t\n\t\t\n\t\t\t<div class=\"ams-cta__action u-inline-items\">\n\t\t\t\t\t\t\t\n\n\n<a href=\"https:\/\/procivitas.se\/uppsala\/oppet-hus\/\"\n\t\n\tclass=\"c-btn \"\n\tdata-style=\"rounded\"\n\tdata-size=\"md\"\n\tdata-width=\"full-mobile\"\n\tdata-variant=\"default\"\n\ttarget=\"_self\">\n\t\t\t<span class=\"label\"> Bes\u00f6k \u00f6ppet hus <\/span>\n\t\t\t<\/a>\n\t\t\t\t\t\t\t\n\n\n<a href=\"https:\/\/procivitas.se\/uppsala\/skuggning\/\"\n\t\n\tclass=\"c-btn \"\n\tdata-style=\"rounded\"\n\tdata-size=\"md\"\n\tdata-width=\"full-mobile\"\n\tdata-variant=\"outline\"\n\ttarget=\"_self\">\n\t\t\t<span class=\"label\"> Skuggning <\/span>\n\t\t\t<\/a>\n\t\t\t<\/div>\n\t<\/div>\n\n\t\t\n\n<\/section>\n","protected":false},"excerpt":{"rendered":"","protected":false},"author":9,"featured_media":0,"parent":0,"menu_order":0,"comment_status":"closed","ping_status":"closed","template":"","meta":{"footnotes":""},"yoast_head":"<!-- This site is optimized with the Yoast SEO plugin v22.0 - https:\/\/yoast.com\/wordpress\/plugins\/seo\/ -->\n<title>B\u00f6rjar du gymnasiet i h\u00f6st? - ProCivitas Uppsala<\/title>\n<meta name=\"description\" content=\"P\u00e5 ProCivitas Uppsala kan du l\u00e4sa Ekonomi-, Naturvetenskaps- eller Samh\u00e4llsvetenskapsprogrammet tillsammans med andra studiemotiverade elever.\" \/>\n<meta name=\"robots\" content=\"index, follow, max-snippet:-1, max-image-preview:large, max-video-preview:-1\" \/>\n<link rel=\"canonical\" href=\"https:\/\/procivitas.se\/uppsala\/borjar-du-gymnasiet-i-host\/\" \/>\n<meta property=\"og:locale\" content=\"sv_SE\" \/>\n<meta property=\"og:type\" content=\"article\" \/>\n<meta property=\"og:title\" content=\"B\u00f6rjar du gymnasiet i h\u00f6st? - ProCivitas Uppsala\" \/>\n<meta property=\"og:description\" content=\"P\u00e5 ProCivitas Uppsala kan du l\u00e4sa Ekonomi-, Naturvetenskaps- eller Samh\u00e4llsvetenskapsprogrammet tillsammans med andra studiemotiverade elever.\" \/>\n<meta property=\"og:url\" content=\"https:\/\/procivitas.se\/uppsala\/borjar-du-gymnasiet-i-host\/\" \/>\n<meta property=\"og:site_name\" content=\"Uppsala\" \/>\n<meta property=\"article:modified_time\" content=\"2024-06-10T08:38:37+00:00\" \/>\n<meta name=\"twitter:card\" content=\"summary_large_image\" \/>\n<meta name=\"twitter:title\" content=\"B\u00f6rjar du gymnasiet i h\u00f6st? - ProCivitas Uppsala\" \/>\n<meta name=\"twitter:description\" content=\"P\u00e5 ProCivitas Uppsala kan du l\u00e4sa Ekonomi-, Naturvetenskaps- eller Samh\u00e4llsvetenskapsprogrammet tillsammans med andra studiemotiverade elever.\" \/>\n<meta name=\"twitter:label1\" content=\"Est. reading time\" \/>\n\t<meta name=\"twitter:data1\" content=\"1 minut\" \/>\n<script type=\"application\/ld+json\" class=\"yoast-schema-graph\">{\"@context\":\"https:\/\/schema.org\",\"@graph\":[{\"@type\":\"WebPage\",\"@id\":\"https:\/\/procivitas.se\/uppsala\/borjar-du-gymnasiet-i-host\/\",\"url\":\"https:\/\/procivitas.se\/uppsala\/borjar-du-gymnasiet-i-host\/\",\"name\":\"B\u00f6rjar du gymnasiet i h\u00f6st? - ProCivitas Uppsala\",\"isPartOf\":{\"@id\":\"https:\/\/procivitas.se\/uppsala\/#website\"},\"datePublished\":\"2024-03-25T10:27:09+00:00\",\"dateModified\":\"2024-06-10T08:38:37+00:00\",\"description\":\"P\u00e5 ProCivitas Uppsala kan du l\u00e4sa Ekonomi-, Naturvetenskaps- eller Samh\u00e4llsvetenskapsprogrammet tillsammans med andra studiemotiverade elever.\",\"breadcrumb\":{\"@id\":\"https:\/\/procivitas.se\/uppsala\/borjar-du-gymnasiet-i-host\/#breadcrumb\"},\"inLanguage\":\"sv-SE\",\"potentialAction\":[{\"@type\":\"ReadAction\",\"target\":[\"https:\/\/procivitas.se\/uppsala\/borjar-du-gymnasiet-i-host\/\"]}]},{\"@type\":\"BreadcrumbList\",\"@id\":\"https:\/\/procivitas.se\/uppsala\/borjar-du-gymnasiet-i-host\/#breadcrumb\",\"itemListElement\":[{\"@type\":\"ListItem\",\"position\":1,\"name\":\"Start\",\"item\":\"https:\/\/procivitas.se\/uppsala\/\"},{\"@type\":\"ListItem\",\"position\":2,\"name\":\"B\u00f6rjar du gymnasiet i h\u00f6st?\"}]},{\"@type\":\"WebSite\",\"@id\":\"https:\/\/procivitas.se\/uppsala\/#website\",\"url\":\"https:\/\/procivitas.se\/uppsala\/\",\"name\":\"Uppsala\",\"description\":\"Just another WordPress site\",\"potentialAction\":[{\"@type\":\"SearchAction\",\"target\":{\"@type\":\"EntryPoint\",\"urlTemplate\":\"https:\/\/procivitas.se\/uppsala\/?s={search_term_string}\"},\"query-input\":\"required name=search_term_string\"}],\"inLanguage\":\"sv-SE\"}]}<\/script>\n<!-- \/ Yoast SEO plugin. -->","yoast_head_json":{"title":"B\u00f6rjar du gymnasiet i h\u00f6st? - ProCivitas Uppsala","description":"P\u00e5 ProCivitas Uppsala kan du l\u00e4sa Ekonomi-, Naturvetenskaps- eller Samh\u00e4llsvetenskapsprogrammet tillsammans med andra studiemotiverade elever.","robots":{"index":"index","follow":"follow","max-snippet":"max-snippet:-1","max-image-preview":"max-image-preview:large","max-video-preview":"max-video-preview:-1"},"canonical":"https:\/\/procivitas.se\/uppsala\/borjar-du-gymnasiet-i-host\/","og_locale":"sv_SE","og_type":"article","og_title":"B\u00f6rjar du gymnasiet i h\u00f6st? - ProCivitas Uppsala","og_description":"P\u00e5 ProCivitas Uppsala kan du l\u00e4sa Ekonomi-, Naturvetenskaps- eller Samh\u00e4llsvetenskapsprogrammet tillsammans med andra studiemotiverade elever.","og_url":"https:\/\/procivitas.se\/uppsala\/borjar-du-gymnasiet-i-host\/","og_site_name":"Uppsala","article_modified_time":"2024-06-10T08:38:37+00:00","twitter_card":"summary_large_image","twitter_title":"B\u00f6rjar du gymnasiet i h\u00f6st? - ProCivitas Uppsala","twitter_description":"P\u00e5 ProCivitas Uppsala kan du l\u00e4sa Ekonomi-, Naturvetenskaps- eller Samh\u00e4llsvetenskapsprogrammet tillsammans med andra studiemotiverade elever.","twitter_misc":{"Est. reading time":"1 minut"},"schema":{"@context":"https:\/\/schema.org","@graph":[{"@type":"WebPage","@id":"https:\/\/procivitas.se\/uppsala\/borjar-du-gymnasiet-i-host\/","url":"https:\/\/procivitas.se\/uppsala\/borjar-du-gymnasiet-i-host\/","name":"B\u00f6rjar du gymnasiet i h\u00f6st? - ProCivitas Uppsala","isPartOf":{"@id":"https:\/\/procivitas.se\/uppsala\/#website"},"datePublished":"2024-03-25T10:27:09+00:00","dateModified":"2024-06-10T08:38:37+00:00","description":"P\u00e5 ProCivitas Uppsala kan du l\u00e4sa Ekonomi-, Naturvetenskaps- eller Samh\u00e4llsvetenskapsprogrammet tillsammans med andra studiemotiverade elever.","breadcrumb":{"@id":"https:\/\/procivitas.se\/uppsala\/borjar-du-gymnasiet-i-host\/#breadcrumb"},"inLanguage":"sv-SE","potentialAction":[{"@type":"ReadAction","target":["https:\/\/procivitas.se\/uppsala\/borjar-du-gymnasiet-i-host\/"]}]},{"@type":"BreadcrumbList","@id":"https:\/\/procivitas.se\/uppsala\/borjar-du-gymnasiet-i-host\/#breadcrumb","itemListElement":[{"@type":"ListItem","position":1,"name":"Start","item":"https:\/\/procivitas.se\/uppsala\/"},{"@type":"ListItem","position":2,"name":"B\u00f6rjar du gymnasiet i h\u00f6st?"}]},{"@type":"WebSite","@id":"https:\/\/procivitas.se\/uppsala\/#website","url":"https:\/\/procivitas.se\/uppsala\/","name":"Uppsala","description":"Just another WordPress site","potentialAction":[{"@type":"SearchAction","target":{"@type":"EntryPoint","urlTemplate":"https:\/\/procivitas.se\/uppsala\/?s={search_term_string}"},"query-input":"required name=search_term_string"}],"inLanguage":"sv-SE"}]}},"_links":{"self":[{"href":"https:\/\/procivitas.se\/uppsala\/wp-json\/wp\/v2\/pages\/2755"}],"collection":[{"href":"https:\/\/procivitas.se\/uppsala\/wp-json\/wp\/v2\/pages"}],"about":[{"href":"https:\/\/procivitas.se\/uppsala\/wp-json\/wp\/v2\/types\/page"}],"author":[{"embeddable":true,"href":"https:\/\/procivitas.se\/uppsala\/wp-json\/wp\/v2\/users\/9"}],"replies":[{"embeddable":true,"href":"https:\/\/procivitas.se\/uppsala\/wp-json\/wp\/v2\/comments?post=2755"}],"version-history":[{"count":10,"href":"https:\/\/procivitas.se\/uppsala\/wp-json\/wp\/v2\/pages\/2755\/revisions"}],"predecessor-version":[{"id":2799,"href":"https:\/\/procivitas.se\/uppsala\/wp-json\/wp\/v2\/pages\/2755\/revisions\/2799"}],"wp:attachment":[{"href":"https:\/\/procivitas.se\/uppsala\/wp-json\/wp\/v2\/media?parent=2755"}],"curies":[{"name":"wp","href":"https:\/\/api.w.org\/{rel}","templated":true}]}}